{"id":567,"date":"2020-02-08T08:26:21","date_gmt":"2020-02-08T08:26:21","guid":{"rendered":"https:\/\/aeiqcanada.org\/?page_id=567"},"modified":"2024-04-10T22:45:49","modified_gmt":"2024-04-11T03:45:49","slug":"ecole-de-samedi","status":"publish","type":"page","link":"https:\/\/aeiqcanada.org\/fr\/ecole-de-samedi\/","title":{"rendered":"\u00c9cole de samedi"},"content":{"rendered":"<div data-elementor-type=\"wp-page\" data-elementor-id=\"567\" class=\"elementor elementor-567\" data-elementor-post-type=\"page\">\n\t\t\t\t\t\t<section class=\"elementor-section elementor-top-section elementor-element elementor-element-be57ff5 elementor-section-boxed elementor-section-height-default elementor-section-height-default\" data-id=\"be57ff5\" data-element_type=\"section\" data-e-type=\"section\">\n\t\t\t\t\t\t<div class=\"elementor-container elementor-column-gap-default\">\n\t\t\t\t\t<div class=\"elementor-column elementor-col-100 elementor-top-column elementor-element elementor-element-c40a24f\" data-id=\"c40a24f\" data-element_type=\"column\" data-e-type=\"column\">\n\t\t\t<div class=\"elementor-widget-wrap elementor-element-populated\">\n\t\t\t\t\t\t<div class=\"elementor-element elementor-element-6155db4 elementor-widget elementor-widget-text-editor\" data-id=\"6155db4\" data-element_type=\"widget\" data-e-type=\"widget\" data-widget_type=\"text-editor.default\">\n\t\t\t\t<div class=\"elementor-widget-container\">\n\t\t\t\t\t\t\t\t\t<p>L\u2019 \u00c9cole de Samedi (EDS) est une initiative permettant l\u2019 appui scolaire des jeunes de 4 \u00e0 17 ans en Fran\u00e7ais, en Math\u00e9matiques et en Anglais. Aussi, pendant l\u2019\u00e9cole de samedi, l\u2019organisme AEIQ offre les sessions en arts, musique et activit\u00e9 physique. Les sorties parascolaires sont aussi organis\u00e9es et un gala de la pers\u00e9v\u00e9rance scolaire et du m\u00e9rite (GPS.m) cl\u00f4ture les activit\u00e9s de l\u2019\u00e9cole de samedi. L\u2019EDS se d\u00e9roule de septembre a mai de chaque ann\u00e9e r\u00e9guli\u00e8re.<\/p>\t\t\t\t\t\t\t\t<\/div>\n\t\t\t\t<\/div>\n\t\t\t\t\t<\/div>\n\t\t<\/div>\n\t\t\t\t\t<\/div>\n\t\t<\/section>\n\t\t\t\t<section class=\"elementor-section elementor-top-section elementor-element elementor-element-182e4f8 elementor-section-boxed elementor-section-height-default elementor-section-height-default\" data-id=\"182e4f8\" data-element_type=\"section\" data-e-type=\"section\">\n\t\t\t\t\t\t<div class=\"elementor-container elementor-column-gap-default\">\n\t\t\t\t\t<div class=\"elementor-column elementor-col-100 elementor-top-column elementor-element elementor-element-80130ac\" data-id=\"80130ac\" data-element_type=\"column\" data-e-type=\"column\">\n\t\t\t<div class=\"elementor-widget-wrap elementor-element-populated\">\n\t\t\t\t\t\t<div class=\"elementor-element elementor-element-fef6894 elementor-widget elementor-widget-heading\" data-id=\"fef6894\" data-element_type=\"widget\" data-e-type=\"widget\" data-widget_type=\"heading.default\">\n\t\t\t\t<div class=\"elementor-widget-container\">\n\t\t\t\t\t<h3 class=\"elementor-heading-title elementor-size-default\">L'actualit\u00e9 de l'\u00e9cole de samedi<\/h3>\t\t\t\t<\/div>\n\t\t\t\t<\/div>\n\t\t\t\t<div class=\"elementor-element elementor-element-b593f5d elementor-widget-divider--view-line elementor-widget elementor-widget-divider\" data-id=\"b593f5d\" data-element_type=\"widget\" data-e-type=\"widget\" data-widget_type=\"divider.default\">\n\t\t\t\t<div class=\"elementor-widget-container\">\n\t\t\t\t\t\t\t<div class=\"elementor-divider\">\n\t\t\t<span class=\"elementor-divider-separator\">\n\t\t\t\t\t\t<\/span>\n\t\t<\/div>\n\t\t\t\t\t\t<\/div>\n\t\t\t\t<\/div>\n\t\t\t\t<div class=\"elementor-element elementor-element-00d1613 elementor-grid-3 elementor-grid-tablet-2 elementor-grid-mobile-1 elementor-posts--thumbnail-top elementor-widget elementor-widget-posts\" data-id=\"00d1613\" data-element_type=\"widget\" data-e-type=\"widget\" data-settings=\"{&quot;classic_row_gap&quot;:{&quot;unit&quot;:&quot;px&quot;,&quot;size&quot;:20,&quot;sizes&quot;:[]},&quot;pagination_type&quot;:&quot;numbers_and_prev_next&quot;,&quot;classic_columns&quot;:&quot;3&quot;,&quot;classic_columns_tablet&quot;:&quot;2&quot;,&quot;classic_columns_mobile&quot;:&quot;1&quot;,&quot;classic_row_gap_tablet&quot;:{&quot;unit&quot;:&quot;px&quot;,&quot;size&quot;:&quot;&quot;,&quot;sizes&quot;:[]},&quot;classic_row_gap_mobile&quot;:{&quot;unit&quot;:&quot;px&quot;,&quot;size&quot;:&quot;&quot;,&quot;sizes&quot;:[]}}\" data-widget_type=\"posts.classic\">\n\t\t\t\t<div class=\"elementor-widget-container\">\n\t\t\t\t\t\t\t<div class=\"elementor-posts-container elementor-posts elementor-posts--skin-classic elementor-grid\">\n\t\t\t\t<article class=\"elementor-post elementor-grid-item post-3381 post type-post status-publish format-standard has-post-thumbnail hentry category-actualite category-ecole-du-samedi\">\n\t\t\t\t<a class=\"elementor-post__thumbnail__link\" href=\"https:\/\/aeiqcanada.org\/fr\/aeiq-ecole-de-samedi-eds-online-2025-2026\/\" tabindex=\"-1\" >\n\t\t\t<div class=\"elementor-post__thumbnail\"><img fetchpriority=\"high\" decoding=\"async\" width=\"247\" height=\"300\" src=\"https:\/\/aeiqcanada.org\/wp-content\/uploads\/2025\/11\/WhatsApp-Image-2025-11-14-at-23.28.12-247x300.jpeg\" class=\"attachment-medium size-medium wp-image-3382\" alt=\"\" srcset=\"https:\/\/aeiqcanada.org\/wp-content\/uploads\/2025\/11\/WhatsApp-Image-2025-11-14-at-23.28.12-247x300.jpeg 247w, https:\/\/aeiqcanada.org\/wp-content\/uploads\/2025\/11\/WhatsApp-Image-2025-11-14-at-23.28.12-10x12.jpeg 10w, https:\/\/aeiqcanada.org\/wp-content\/uploads\/2025\/11\/WhatsApp-Image-2025-11-14-at-23.28.12.jpeg 739w\" sizes=\"(max-width: 247px) 100vw, 247px\" \/><\/div>\n\t\t<\/a>\n\t\t\t\t<div class=\"elementor-post__text\">\n\t\t\t\t<h3 class=\"elementor-post__title\">\n\t\t\t<a href=\"https:\/\/aeiqcanada.org\/fr\/aeiq-ecole-de-samedi-eds-online-2025-2026\/\" >\n\t\t\t\tAEIQ-\u00c9cole De Samedi\u00ab EDS Online \u00bb -2025-2026\u00a0\t\t\t<\/a>\n\t\t<\/h3>\n\t\t\t\t<div class=\"elementor-post__meta-data\">\n\t\t\t\t\t<span class=\"elementor-post-date\">\n\t\t\t15 novembre 2025\t\t<\/span>\n\t\t\t\t<\/div>\n\t\t\n\t\t<a class=\"elementor-post__read-more\" href=\"https:\/\/aeiqcanada.org\/fr\/aeiq-ecole-de-samedi-eds-online-2025-2026\/\" aria-label=\"En savoir plus sur AEIQ-\u00c9cole De Samedi\u00ab EDS Online \u00bb -2025-2026\u00a0\" tabindex=\"-1\" >\n\t\t\tLire la suite \u00bb\t\t<\/a>\n\n\t\t\t\t<\/div>\n\t\t\t\t<\/article>\n\t\t\t\t<article class=\"elementor-post elementor-grid-item post-3168 post type-post status-publish format-standard has-post-thumbnail hentry category-ecole-du-samedi category-actualite tag-ecole-du-samedi\">\n\t\t\t\t<a class=\"elementor-post__thumbnail__link\" href=\"https:\/\/aeiqcanada.org\/fr\/ouverture-des-inscriptions-a-lecole-de-samedi-2024-2025\/\" tabindex=\"-1\" >\n\t\t\t<div class=\"elementor-post__thumbnail\"><img decoding=\"async\" width=\"212\" height=\"300\" src=\"https:\/\/aeiqcanada.org\/wp-content\/uploads\/2024\/10\/Ecole-su-samedi-2024-2025-212x300.jpeg\" class=\"attachment-medium size-medium wp-image-3169\" alt=\"\" srcset=\"https:\/\/aeiqcanada.org\/wp-content\/uploads\/2024\/10\/Ecole-su-samedi-2024-2025-212x300.jpeg 212w, https:\/\/aeiqcanada.org\/wp-content\/uploads\/2024\/10\/Ecole-su-samedi-2024-2025-724x1024.jpeg 724w, https:\/\/aeiqcanada.org\/wp-content\/uploads\/2024\/10\/Ecole-su-samedi-2024-2025-768x1086.jpeg 768w, https:\/\/aeiqcanada.org\/wp-content\/uploads\/2024\/10\/Ecole-su-samedi-2024-2025-1086x1536.jpeg 1086w, https:\/\/aeiqcanada.org\/wp-content\/uploads\/2024\/10\/Ecole-su-samedi-2024-2025-8x12.jpeg 8w, https:\/\/aeiqcanada.org\/wp-content\/uploads\/2024\/10\/Ecole-su-samedi-2024-2025.jpeg 1414w\" sizes=\"(max-width: 212px) 100vw, 212px\" \/><\/div>\n\t\t<\/a>\n\t\t\t\t<div class=\"elementor-post__text\">\n\t\t\t\t<h3 class=\"elementor-post__title\">\n\t\t\t<a href=\"https:\/\/aeiqcanada.org\/fr\/ouverture-des-inscriptions-a-lecole-de-samedi-2024-2025\/\" >\n\t\t\t\tOuverture des inscriptions \u00e0 l&#8217;\u00e9cole du samedi 2024-2025\t\t\t<\/a>\n\t\t<\/h3>\n\t\t\t\t<div class=\"elementor-post__meta-data\">\n\t\t\t\t\t<span class=\"elementor-post-date\">\n\t\t\t28 octobre 2024\t\t<\/span>\n\t\t\t\t<\/div>\n\t\t\n\t\t<a class=\"elementor-post__read-more\" href=\"https:\/\/aeiqcanada.org\/fr\/ouverture-des-inscriptions-a-lecole-de-samedi-2024-2025\/\" aria-label=\"En savoir plus sur Ouverture des inscriptions \u00e0 l&#8217;\u00e9cole du samedi 2024-2025\" tabindex=\"-1\" >\n\t\t\tLire la suite \u00bb\t\t<\/a>\n\n\t\t\t\t<\/div>\n\t\t\t\t<\/article>\n\t\t\t\t<article class=\"elementor-post elementor-grid-item post-3161 post type-post status-publish format-standard has-post-thumbnail hentry category-ecole-du-samedi\">\n\t\t\t\t<a class=\"elementor-post__thumbnail__link\" href=\"https:\/\/aeiqcanada.org\/fr\/gala-de-la-perseverance-scolaire-et-du-merite-gps-m-3eme-edition\/\" tabindex=\"-1\" >\n\t\t\t<div class=\"elementor-post__thumbnail\"><img decoding=\"async\" width=\"300\" height=\"300\" src=\"https:\/\/aeiqcanada.org\/wp-content\/uploads\/2024\/09\/tvImg-300x300.jpg\" class=\"attachment-medium size-medium wp-image-3157\" alt=\"\" srcset=\"https:\/\/aeiqcanada.org\/wp-content\/uploads\/2024\/09\/tvImg-300x300.jpg 300w, https:\/\/aeiqcanada.org\/wp-content\/uploads\/2024\/09\/tvImg-150x150.jpg 150w, https:\/\/aeiqcanada.org\/wp-content\/uploads\/2024\/09\/tvImg-12x12.jpg 12w, https:\/\/aeiqcanada.org\/wp-content\/uploads\/2024\/09\/tvImg.jpg 400w\" sizes=\"(max-width: 300px) 100vw, 300px\" \/><\/div>\n\t\t<\/a>\n\t\t\t\t<div class=\"elementor-post__text\">\n\t\t\t\t<h3 class=\"elementor-post__title\">\n\t\t\t<a href=\"https:\/\/aeiqcanada.org\/fr\/gala-de-la-perseverance-scolaire-et-du-merite-gps-m-3eme-edition\/\" >\n\t\t\t\tGALA DE LA PERS\u00c9V\u00c9RANCE SCOLAIRE ET DU M\u00c9RITE &#8211; GPS.m, 3\u00e8me \u00e9dition\t\t\t<\/a>\n\t\t<\/h3>\n\t\t\t\t<div class=\"elementor-post__meta-data\">\n\t\t\t\t\t<span class=\"elementor-post-date\">\n\t\t\t16 septembre 2024\t\t<\/span>\n\t\t\t\t<\/div>\n\t\t\n\t\t<a class=\"elementor-post__read-more\" href=\"https:\/\/aeiqcanada.org\/fr\/gala-de-la-perseverance-scolaire-et-du-merite-gps-m-3eme-edition\/\" aria-label=\"En savoir plus sur GALA DE LA PERS\u00c9V\u00c9RANCE SCOLAIRE ET DU M\u00c9RITE &#8211; GPS.m, 3\u00e8me \u00e9dition\" tabindex=\"-1\" >\n\t\t\tLire la suite \u00bb\t\t<\/a>\n\n\t\t\t\t<\/div>\n\t\t\t\t<\/article>\n\t\t\t\t<article class=\"elementor-post elementor-grid-item post-2552 post type-post status-publish format-standard has-post-thumbnail hentry category-actualite category-ecole-du-samedi\">\n\t\t\t\t<a class=\"elementor-post__thumbnail__link\" href=\"https:\/\/aeiqcanada.org\/fr\/lancement-de-deux-nouveaux-programmes-a-laeiq-du-25-mars-au-25-mai-2024\/\" tabindex=\"-1\" >\n\t\t\t<div class=\"elementor-post__thumbnail\"><img loading=\"lazy\" decoding=\"async\" width=\"232\" height=\"300\" src=\"https:\/\/aeiqcanada.org\/wp-content\/uploads\/2024\/03\/tictac-232x300.jpg\" class=\"attachment-medium size-medium wp-image-2553\" alt=\"\" srcset=\"https:\/\/aeiqcanada.org\/wp-content\/uploads\/2024\/03\/tictac-232x300.jpg 232w, https:\/\/aeiqcanada.org\/wp-content\/uploads\/2024\/03\/tictac-791x1024.jpg 791w, https:\/\/aeiqcanada.org\/wp-content\/uploads\/2024\/03\/tictac-768x994.jpg 768w, https:\/\/aeiqcanada.org\/wp-content\/uploads\/2024\/03\/tictac-1187x1536.jpg 1187w, https:\/\/aeiqcanada.org\/wp-content\/uploads\/2024\/03\/tictac-9x12.jpg 9w, https:\/\/aeiqcanada.org\/wp-content\/uploads\/2024\/03\/tictac.jpg 1545w\" sizes=\"(max-width: 232px) 100vw, 232px\" \/><\/div>\n\t\t<\/a>\n\t\t\t\t<div class=\"elementor-post__text\">\n\t\t\t\t<h3 class=\"elementor-post__title\">\n\t\t\t<a href=\"https:\/\/aeiqcanada.org\/fr\/lancement-de-deux-nouveaux-programmes-a-laeiq-du-25-mars-au-25-mai-2024\/\" >\n\t\t\t\tLancement de deux nouveaux programmes \u00e0 l&#8217;AEIQ du 25 mars au 25 mai 2024\t\t\t<\/a>\n\t\t<\/h3>\n\t\t\t\t<div class=\"elementor-post__meta-data\">\n\t\t\t\t\t<span class=\"elementor-post-date\">\n\t\t\t26 mars 2024\t\t<\/span>\n\t\t\t\t<\/div>\n\t\t\n\t\t<a class=\"elementor-post__read-more\" href=\"https:\/\/aeiqcanada.org\/fr\/lancement-de-deux-nouveaux-programmes-a-laeiq-du-25-mars-au-25-mai-2024\/\" aria-label=\"En savoir plus sur Lancement de deux nouveaux programmes \u00e0 l&#8217;AEIQ du 25 mars au 25 mai 2024\" tabindex=\"-1\" >\n\t\t\tLire la suite \u00bb\t\t<\/a>\n\n\t\t\t\t<\/div>\n\t\t\t\t<\/article>\n\t\t\t\t<article class=\"elementor-post elementor-grid-item post-2387 post type-post status-publish format-standard has-post-thumbnail hentry category-actualite category-ecole-du-samedi\">\n\t\t\t\t<a class=\"elementor-post__thumbnail__link\" href=\"https:\/\/aeiqcanada.org\/fr\/plan-de-rattrapage-scolaire-a-laeiq\/\" tabindex=\"-1\" >\n\t\t\t<div class=\"elementor-post__thumbnail\"><img loading=\"lazy\" decoding=\"async\" width=\"300\" height=\"211\" src=\"https:\/\/aeiqcanada.org\/wp-content\/uploads\/2024\/03\/Plan-de-rattrapage-scolaire-a-AEIQ-300x211.jpg\" class=\"attachment-medium size-medium wp-image-2390\" alt=\"\" srcset=\"https:\/\/aeiqcanada.org\/wp-content\/uploads\/2024\/03\/Plan-de-rattrapage-scolaire-a-AEIQ-300x211.jpg 300w, https:\/\/aeiqcanada.org\/wp-content\/uploads\/2024\/03\/Plan-de-rattrapage-scolaire-a-AEIQ-1024x720.jpg 1024w, https:\/\/aeiqcanada.org\/wp-content\/uploads\/2024\/03\/Plan-de-rattrapage-scolaire-a-AEIQ-768x540.jpg 768w, https:\/\/aeiqcanada.org\/wp-content\/uploads\/2024\/03\/Plan-de-rattrapage-scolaire-a-AEIQ-18x12.jpg 18w, https:\/\/aeiqcanada.org\/wp-content\/uploads\/2024\/03\/Plan-de-rattrapage-scolaire-a-AEIQ.jpg 1200w\" sizes=\"(max-width: 300px) 100vw, 300px\" \/><\/div>\n\t\t<\/a>\n\t\t\t\t<div class=\"elementor-post__text\">\n\t\t\t\t<h3 class=\"elementor-post__title\">\n\t\t\t<a href=\"https:\/\/aeiqcanada.org\/fr\/plan-de-rattrapage-scolaire-a-laeiq\/\" >\n\t\t\t\tPlan de rattrapage scolaire a l&#8217;AEIQ\t\t\t<\/a>\n\t\t<\/h3>\n\t\t\t\t<div class=\"elementor-post__meta-data\">\n\t\t\t\t\t<span class=\"elementor-post-date\">\n\t\t\t4 mars 2024\t\t<\/span>\n\t\t\t\t<\/div>\n\t\t\n\t\t<a class=\"elementor-post__read-more\" href=\"https:\/\/aeiqcanada.org\/fr\/plan-de-rattrapage-scolaire-a-laeiq\/\" aria-label=\"En savoir plus sur Plan de rattrapage scolaire a l&#8217;AEIQ\" tabindex=\"-1\" >\n\t\t\tLire la suite \u00bb\t\t<\/a>\n\n\t\t\t\t<\/div>\n\t\t\t\t<\/article>\n\t\t\t\t<article class=\"elementor-post elementor-grid-item post-2363 post type-post status-publish format-standard has-post-thumbnail hentry category-actualite category-ecole-du-samedi\">\n\t\t\t\t<a class=\"elementor-post__thumbnail__link\" href=\"https:\/\/aeiqcanada.org\/fr\/le-samedi-mathematiques-a-laeiq\/\" tabindex=\"-1\" >\n\t\t\t<div class=\"elementor-post__thumbnail\"><img loading=\"lazy\" decoding=\"async\" width=\"300\" height=\"169\" src=\"https:\/\/aeiqcanada.org\/wp-content\/uploads\/2024\/02\/IMG-20240218-WA0004-300x169.jpg\" class=\"attachment-medium size-medium wp-image-2365\" alt=\"\" srcset=\"https:\/\/aeiqcanada.org\/wp-content\/uploads\/2024\/02\/IMG-20240218-WA0004-300x169.jpg 300w, https:\/\/aeiqcanada.org\/wp-content\/uploads\/2024\/02\/IMG-20240218-WA0004-1024x576.jpg 1024w, https:\/\/aeiqcanada.org\/wp-content\/uploads\/2024\/02\/IMG-20240218-WA0004-768x432.jpg 768w, https:\/\/aeiqcanada.org\/wp-content\/uploads\/2024\/02\/IMG-20240218-WA0004-1536x864.jpg 1536w, https:\/\/aeiqcanada.org\/wp-content\/uploads\/2024\/02\/IMG-20240218-WA0004-18x10.jpg 18w, https:\/\/aeiqcanada.org\/wp-content\/uploads\/2024\/02\/IMG-20240218-WA0004.jpg 1920w\" sizes=\"(max-width: 300px) 100vw, 300px\" \/><\/div>\n\t\t<\/a>\n\t\t\t\t<div class=\"elementor-post__text\">\n\t\t\t\t<h3 class=\"elementor-post__title\">\n\t\t\t<a href=\"https:\/\/aeiqcanada.org\/fr\/le-samedi-mathematiques-a-laeiq\/\" >\n\t\t\t\tLe Samedi math\u00e9matiques \u00e0 l&#8217;AEIQ.\t\t\t<\/a>\n\t\t<\/h3>\n\t\t\t\t<div class=\"elementor-post__meta-data\">\n\t\t\t\t\t<span class=\"elementor-post-date\">\n\t\t\t18 f\u00e9vrier 2024\t\t<\/span>\n\t\t\t\t<\/div>\n\t\t\n\t\t<a class=\"elementor-post__read-more\" href=\"https:\/\/aeiqcanada.org\/fr\/le-samedi-mathematiques-a-laeiq\/\" aria-label=\"En savoir plus sur Le Samedi math\u00e9matiques \u00e0 l&#8217;AEIQ.\" tabindex=\"-1\" >\n\t\t\tLire la suite \u00bb\t\t<\/a>\n\n\t\t\t\t<\/div>\n\t\t\t\t<\/article>\n\t\t\t\t<\/div>\n\t\t\n\t\t\t\t<div class=\"e-load-more-anchor\" data-page=\"1\" data-max-page=\"2\" data-next-page=\"https:\/\/aeiqcanada.org\/fr\/wp-json\/wp\/v2\/pages\/567\/page\/2\/\"><\/div>\n\t\t\t\t<nav class=\"elementor-pagination\" aria-label=\"Pagination\">\n\t\t\t<span class=\"page-numbers prev\">&laquo; Pr\u00e9c\u00e9dent<\/span>\n<span aria-current=\"page\" class=\"page-numbers current\"><span class=\"elementor-screen-only\">Page<\/span>1<\/span>\n<a class=\"page-numbers\" href=\"https:\/\/aeiqcanada.org\/fr\/wp-json\/wp\/v2\/pages\/567\/page\/2\/\"><span class=\"elementor-screen-only\">Page<\/span>2<\/a>\n<a class=\"page-numbers next\" href=\"https:\/\/aeiqcanada.org\/fr\/wp-json\/wp\/v2\/pages\/567\/page\/2\/\">Suivant &raquo;<\/a>\t\t<\/nav>\n\t\t\t\t\t\t<\/div>\n\t\t\t\t<\/div>\n\t\t\t\t\t<\/div>\n\t\t<\/div>\n\t\t\t\t\t<\/div>\n\t\t<\/section>\n\t\t\t\t<section class=\"elementor-section elementor-top-section elementor-element elementor-element-1aea39c elementor-section-boxed elementor-section-height-default elementor-section-height-default\" data-id=\"1aea39c\" data-element_type=\"section\" data-e-type=\"section\">\n\t\t\t\t\t\t<div class=\"elementor-container elementor-column-gap-default\">\n\t\t\t\t\t<div class=\"elementor-column elementor-col-100 elementor-top-column elementor-element elementor-element-02713d5\" data-id=\"02713d5\" data-element_type=\"column\" data-e-type=\"column\">\n\t\t\t<div class=\"elementor-widget-wrap\">\n\t\t\t\t\t\t\t<\/div>\n\t\t<\/div>\n\t\t\t\t\t<\/div>\n\t\t<\/section>\n\t\t\t\t<\/div>","protected":false},"excerpt":{"rendered":"<p>L\u2019 \u00c9cole de Samedi (EDS) est une initiative permettant l\u2019<\/p>","protected":false},"author":1,"featured_media":0,"parent":0,"menu_order":0,"comment_status":"closed","ping_status":"closed","template":"","meta":{"_eb_attr":"","footnotes":""},"class_list":["post-567","page","type-page","status-publish","hentry"],"_links":{"self":[{"href":"https:\/\/aeiqcanada.org\/fr\/wp-json\/wp\/v2\/pages\/567","targetHints":{"allow":["GET"]}}],"collection":[{"href":"https:\/\/aeiqcanada.org\/fr\/wp-json\/wp\/v2\/pages"}],"about":[{"href":"https:\/\/aeiqcanada.org\/fr\/wp-json\/wp\/v2\/types\/page"}],"author":[{"embeddable":true,"href":"https:\/\/aeiqcanada.org\/fr\/wp-json\/wp\/v2\/users\/1"}],"replies":[{"embeddable":true,"href":"https:\/\/aeiqcanada.org\/fr\/wp-json\/wp\/v2\/comments?post=567"}],"version-history":[{"count":82,"href":"https:\/\/aeiqcanada.org\/fr\/wp-json\/wp\/v2\/pages\/567\/revisions"}],"predecessor-version":[{"id":2618,"href":"https:\/\/aeiqcanada.org\/fr\/wp-json\/wp\/v2\/pages\/567\/revisions\/2618"}],"wp:attachment":[{"href":"https:\/\/aeiqcanada.org\/fr\/wp-json\/wp\/v2\/media?parent=567"}],"curies":[{"name":"wp","href":"https:\/\/api.w.org\/{rel}","templated":true}]}}